{"id":30066,"date":"2026-09-02T08:50:42","date_gmt":"2026-09-02T06:50:42","guid":{"rendered":"https:\/\/klemt.fr\/?page_id=30066"},"modified":"2026-09-02T08:51:27","modified_gmt":"2026-09-02T06:51:27","slug":"about-2","status":"publish","type":"page","link":"https:\/\/klemt.fr\/en\/about-2\/","title":{"rendered":"ABOUT 2"},"content":{"rendered":"\n[et_pb_section fb_built=\u00a0\u00bb1&Prime; _builder_version=\u00a0\u00bb4.27.4&Prime; hover_enabled=\u00a0\u00bb0&Prime; transparent_background=\u00a0\u00bboff\u00a0\u00bb make_fullwidth=\u00a0\u00bboff\u00a0\u00bb use_custom_width=\u00a0\u00bboff\u00a0\u00bb width_unit=\u00a0\u00bboff\u00a0\u00bb custom_width_px=\u00a0\u00bb1080px\u00a0\u00bb custom_width_percent=\u00a0\u00bb80%\u00a0\u00bb global_colors_info=\u00a0\u00bb{}\u00a0\u00bb theme_builder_area=\u00a0\u00bbpost_content\u00a0\u00bb sticky_enabled=\u00a0\u00bb0&Prime; background_color=\u00a0\u00bb#fcfcfc\u00a0\u00bb][et_pb_row column_structure=\u00a0\u00bb1_2,1_2&Prime; use_custom_gutter=\u00a0\u00bbon\u00a0\u00bb gutter_width=\u00a0\u00bb1&Prime; make_equal=\u00a0\u00bbon\u00a0\u00bb _builder_version=\u00a0\u00bb4.22.2&Prime; _module_preset=\u00a0\u00bbdefault\u00a0\u00bb width=\u00a0\u00bb88.8%\u00a0\u00bb max_width=\u00a0\u00bb1150px\u00a0\u00bb module_alignment=\u00a0\u00bbcenter\u00a0\u00bb custom_margin=\u00a0\u00bb|auto|-2px|auto||\u00a0\u00bb global_colors_info=\u00a0\u00bb{}\u00a0\u00bb theme_builder_area=\u00a0\u00bbpost_content\u00a0\u00bb custom_padding=\u00a0\u00bb|123px||34px||\u00a0\u00bb min_height=\u00a0\u00bb392.8px\u00a0\u00bb][et_pb_column type=\u00a0\u00bb1_2&Prime; _builder_version=\u00a0\u00bb4.22.2&Prime; _module_preset=\u00a0\u00bbdefault\u00a0\u00bb global_colors_info=\u00a0\u00bb{}\u00a0\u00bb theme_builder_area=\u00a0\u00bbpost_content\u00a0\u00bb][et_pb_image src=\u00a0\u00bbhttps:\/\/klemt.fr\/wp-content\/uploads\/2023\/10\/473c5d112852317.601c183da84d0.jpg\u00a0\u00bb title_text=\u00a0\u00bb473c5d112852317.601c183da84d0&Prime; _builder_version=\u00a0\u00bb4.22.2&Prime; _module_preset=\u00a0\u00bbdefault\u00a0\u00bb width=\u00a0\u00bb100%\u00a0\u00bb max_width=\u00a0\u00bb100%\u00a0\u00bb global_colors_info=\u00a0\u00bb{}\u00a0\u00bb theme_builder_area=\u00a0\u00bbpost_content\u00a0\u00bb][\/et_pb_image][\/et_pb_column][et_pb_column type=\u00a0\u00bb1_2&Prime; _builder_version=\u00a0\u00bb4.22.2&Prime; _module_preset=\u00a0\u00bbdefault\u00a0\u00bb global_colors_info=\u00a0\u00bb{}\u00a0\u00bb theme_builder_area=\u00a0\u00bbpost_content\u00a0\u00bb][et_pb_text _builder_version=\u00a0\u00bb4.27.4&Prime; _module_preset=\u00a0\u00bbdefault\u00a0\u00bb width=\u00a0\u00bb100%\u00a0\u00bb max_width=\u00a0\u00bb100%\u00a0\u00bb custom_padding=\u00a0\u00bb0px|||36px|false|false\u00a0\u00bb hover_enabled=\u00a0\u00bb0&Prime; global_colors_info=\u00a0\u00bb{}\u00a0\u00bb theme_builder_area=\u00a0\u00bbpost_content\u00a0\u00bb sticky_enabled=\u00a0\u00bb0&Prime; text_font_size=\u00a0\u00bb15px\u00a0\u00bb]<p data-start=\"899\" data-end=\"967\" class=\"PDq2pG_selectionAnchorContainer\">Klemt est le nom d&rsquo;artiste de Cl\u00e9ment Tissier, peintre fran\u00e7ais.<span aria-hidden=\"true\" class=\"PDq2pG_selectionAnchor\"><\/span><\/p>\n<p data-start=\"972\" data-end=\"1091\">Form\u00e9 au dessin \u00e0 Bruxelles puis au film d&rsquo;animation \u00e0 Supinfocom, il se consacre pleinement \u00e0 la peinture depuis 2012.<\/p>\n<p data-start=\"1096\" data-end=\"1314\">Son travail explore des mondes silencieux, \u00e9tranges et familiers \u00e0 la fois. Entre paysages, architectures et figures humaines, ses \u0153uvres \u00e9voquent une r\u00e9alit\u00e9 d\u00e9cal\u00e9e, comme suspendue dans le temps entre souvenir et r\u00eave.<\/p>\n<p data-start=\"1319\" data-end=\"1487\">\u00c0 travers le dessin et la peinture, Klemt s&rsquo;int\u00e9resse \u00e0 la place de l&rsquo;\u00eatre humain dans son environnement et \u00e0 ces instants o\u00f9 le r\u00e9el semble basculer vers l&rsquo;imaginaire.<\/p>\n<p data-start=\"1492\" data-end=\"1546\">N\u00e9 \u00e0 Reims, il vit et travaille aujourd&rsquo;hui \u00e0 Limoges.<\/p>\n<p data-start=\"1492\" data-end=\"1546\"><\/p>\n<p data-start=\"1492\" data-end=\"1546\"><\/p>[\/et_pb_text][\/et_pb_column][\/et_pb_row][et_pb_row _builder_version=\u00a0\u00bb4.27.4&Prime; _module_preset=\u00a0\u00bbdefault\u00a0\u00bb theme_builder_area=\u00a0\u00bbpost_content\u00a0\u00bb custom_margin=\u00a0\u00bb-23px|auto|24px|auto||\u00a0\u00bb custom_padding=\u00a0\u00bb6px|||||\u00a0\u00bb][et_pb_column _builder_version=\u00a0\u00bb4.27.4&Prime; _module_preset=\u00a0\u00bbdefault\u00a0\u00bb type=\u00a0\u00bb4_4&Prime; theme_builder_area=\u00a0\u00bbpost_content\u00a0\u00bb][et_pb_text _builder_version=\u00a0\u00bb4.27.4&Prime; _module_preset=\u00a0\u00bbdefault\u00a0\u00bb theme_builder_area=\u00a0\u00bbpost_content\u00a0\u00bb hover_enabled=\u00a0\u00bb0&Prime; sticky_enabled=\u00a0\u00bb0&Prime; text_font_size=\u00a0\u00bb15px\u00a0\u00bb]<p data-start=\"1877\" data-end=\"1947\" class=\"PDq2pG_selectionAnchorContainer\"><strong data-start=\"1877\" data-end=\"1947\">\u00ab\u00a0Mes peintures sont des fragments de mondes qui pourraient exister.<\/strong><span aria-hidden=\"true\" class=\"PDq2pG_selectionAnchor\"><\/span><\/p>\n<p data-start=\"1952\" data-end=\"2168\">Je cherche moins \u00e0 raconter une histoire qu&rsquo;\u00e0 cr\u00e9er une sensation : celle d&rsquo;un souvenir que l&rsquo;on reconna\u00eet sans parvenir \u00e0 le situer, d&rsquo;un lieu familier devenu \u00e9trange, d&rsquo;un instant qui semble avoir \u00e9chapp\u00e9 au temps.<\/p>\n<p data-start=\"2173\" data-end=\"2342\">Mes personnages sont souvent seuls face \u00e0 des espaces qui les d\u00e9passent. L&rsquo;architecture, le paysage et la lumi\u00e8re deviennent alors des \u00e9l\u00e9ments narratifs \u00e0 part enti\u00e8re.<\/p>\n<p data-start=\"2347\" data-end=\"2453\">Chaque \u0153uvre est une invitation \u00e0 entrer dans cet espace entre ce que l&rsquo;on conna\u00eet et ce que l&rsquo;on imagine.\u00a0\u00bb<\/p>[\/et_pb_text][\/et_pb_column][\/et_pb_row][et_pb_row _builder_version=\u00a0\u00bb4.27.4&Prime; _module_preset=\u00a0\u00bbdefault\u00a0\u00bb theme_builder_area=\u00a0\u00bbpost_content\u00a0\u00bb custom_margin=\u00a0\u00bb-13px|auto||auto||\u00a0\u00bb column_structure=\u00a0\u00bb1_2,1_2&Prime; hover_enabled=\u00a0\u00bb0&Prime; sticky_enabled=\u00a0\u00bb0&Prime;][et_pb_column _builder_version=\u00a0\u00bb4.27.4&Prime; _module_preset=\u00a0\u00bbdefault\u00a0\u00bb type=\u00a0\u00bb1_2&Prime; theme_builder_area=\u00a0\u00bbpost_content\u00a0\u00bb][et_pb_text _builder_version=\u00a0\u00bb4.27.4&Prime; _module_preset=\u00a0\u00bbdefault\u00a0\u00bb theme_builder_area=\u00a0\u00bbpost_content\u00a0\u00bb hover_enabled=\u00a0\u00bb0&Prime; sticky_enabled=\u00a0\u00bb0&Prime;]<h3 data-section-id=\"o8gynx\" data-start=\"2619\" data-end=\"2631\" class=\"PDq2pG_selectionAnchorContainer\">PARCOURS<span aria-hidden=\"true\" class=\"PDq2pG_selectionAnchor\"><\/span><\/h3>\n<p data-start=\"2633\" data-end=\"2673\"><strong data-start=\"2633\" data-end=\"2673\">EXPOSITIONS \u2014 FRANCE &amp; INTERNATIONAL<\/strong><\/p>\n<p data-start=\"2633\" data-end=\"2673\"><strong data-start=\"2633\" data-end=\"2673\"><\/strong><\/p>\n<p data-start=\"2787\" data-end=\"2870\" class=\"PDq2pG_selectionAnchorContainer\"><strong data-start=\"2787\" data-end=\"2796\">Paris<br \/><\/strong><span style=\"font-size: 14px;\">Art Paris Art Fair<\/span><\/p>\n<p data-start=\"2787\" data-end=\"2870\" class=\"PDq2pG_selectionAnchorContainer\">DDessin &#8211;<em><strong> Premier Prix 2015<\/strong><\/em><\/p>\n<p data-start=\"2787\" data-end=\"2870\" class=\"PDq2pG_selectionAnchorContainer\">YIA Art Fair<\/p>\n<p data-start=\"2787\" data-end=\"2870\" class=\"PDq2pG_selectionAnchorContainer\">Galerie Charlotte Norberg<span aria-hidden=\"true\" class=\"PDq2pG_selectionAnchor\"><\/span><\/p>\n<p data-start=\"2872\" data-end=\"2925\"><strong data-start=\"2872\" data-end=\"2886\">Strasbourg<\/strong><br data-start=\"2886\" data-end=\"2889\" \/>ST-ART \u00b7 Galerie Christophe Tailleur<\/p>\n<p data-start=\"3037\" data-end=\"3071\"><strong data-start=\"3037\" data-end=\"3048\">Limoges<\/strong><br data-start=\"3048\" data-end=\"3051\" \/>Le Phare \u00b7 Sept Huit<\/p>\n<p data-start=\"3073\" data-end=\"3108\"><strong data-start=\"3073\" data-end=\"3085\">La Baule<\/strong><br data-start=\"3085\" data-end=\"3088\" \/>Mus\u00e9e Bernard Boesch<\/p>\n<p data-start=\"3073\" data-end=\"3108\"><strong data-start=\"2872\" data-end=\"2886\"><span>N\u00eemes<\/span><\/strong><br data-start=\"2886\" data-end=\"2889\" \/><span>Gallery Deuleuze-Rochetin<\/span><\/p>\n<p data-start=\"2927\" data-end=\"2956\"><strong data-start=\"2927\" data-end=\"2940\">Karlsruhe<\/strong><br data-start=\"2940\" data-end=\"2943\" \/>Art Karlsruhe<\/p>\n<p data-start=\"2958\" data-end=\"2986\"><strong data-start=\"2958\" data-end=\"2970\">New York<\/strong><br data-start=\"2970\" data-end=\"2973\" \/>Ouchi Gallery<\/p>\n<p data-start=\"2988\" data-end=\"3035\"><strong data-start=\"2988\" data-end=\"2997\">Miami<\/strong><br data-start=\"2997\" data-end=\"3000\" \/><span>Impact soiree\u00a0<\/span>Art Basel \u2014 Aston Martin Residences<\/p>[\/et_pb_text][\/et_pb_column][et_pb_column _builder_version=\u00a0\u00bb4.27.4&Prime; _module_preset=\u00a0\u00bbdefault\u00a0\u00bb type=\u00a0\u00bb1_2&Prime; theme_builder_area=\u00a0\u00bbpost_content\u00a0\u00bb][et_pb_text _builder_version=\u00a0\u00bb4.27.4&Prime; _module_preset=\u00a0\u00bbdefault\u00a0\u00bb theme_builder_area=\u00a0\u00bbpost_content\u00a0\u00bb hover_enabled=\u00a0\u00bb0&Prime; sticky_enabled=\u00a0\u00bb0&Prime; custom_margin=\u00a0\u00bb||44px|||\u00a0\u00bb]<h3 data-section-id=\"l1vrml\" data-start=\"3636\" data-end=\"3650\" class=\"PDq2pG_selectionAnchorContainer\">R\u00c9SIDENCES<br \/><br \/><span aria-hidden=\"true\" class=\"PDq2pG_selectionAnchor\"><\/span><\/h3>\n<p data-start=\"3652\" data-end=\"3698\"><strong data-start=\"3652\" data-end=\"3691\">Institut Fran\u00e7ais du Maroc \u2014 Tanger<\/strong><br data-start=\"3691\" data-end=\"3694\" \/>2015<\/p>\n<p data-start=\"3700\" data-end=\"3742\"><strong data-start=\"3700\" data-end=\"3735\">Mus\u00e9e Bernard Boesch \u2014 La Baule<\/strong><br data-start=\"3735\" data-end=\"3738\" \/>2018<\/p>\n<p data-start=\"3700\" data-end=\"3742\"><\/p>[\/et_pb_text][et_pb_text _builder_version=\u00a0\u00bb4.27.4&Prime; _module_preset=\u00a0\u00bbdefault\u00a0\u00bb theme_builder_area=\u00a0\u00bbpost_content\u00a0\u00bb hover_enabled=\u00a0\u00bb0&Prime; sticky_enabled=\u00a0\u00bb0&Prime;]<h3 data-section-id=\"l1vrml\" data-start=\"3636\" data-end=\"3650\" class=\"PDq2pG_selectionAnchorContainer\">COLLECTIONS<\/h3>\n<p>&nbsp;<\/p>\n<p data-start=\"3928\" data-end=\"3973\" class=\"PDq2pG_selectionAnchorContainer\"><strong data-start=\"3928\" data-end=\"3957\">FRAC des Pays de la Loire<\/strong><br data-start=\"3957\" data-end=\"3960\" \/>France \u00b7 2025<span aria-hidden=\"true\" class=\"PDq2pG_selectionAnchor\"><\/span><\/p>\n<p data-start=\"3975\" data-end=\"4017\"><strong data-start=\"3975\" data-end=\"3999\">Mus\u00e9e Bernard Boesch<\/strong><br data-start=\"3999\" data-end=\"4002\" \/>La Baule \u00b7 2018<\/p>\n<p data-start=\"4019\" data-end=\"4061\"><strong data-start=\"4019\" data-end=\"4045\">Patrimoine du Limousin<\/strong><br data-start=\"4045\" data-end=\"4048\" \/>France \u00b7 2013<\/p>\n<p data-start=\"3700\" data-end=\"3742\">[\/et_pb_text][\/et_pb_column][\/et_pb_row][et_pb_row _builder_version=\u00a0\u00bb4.27.4&Prime; _module_preset=\u00a0\u00bbdefault\u00a0\u00bb theme_builder_area=\u00a0\u00bbpost_content\u00a0\u00bb][et_pb_column _builder_version=\u00a0\u00bb4.27.4&Prime; _module_preset=\u00a0\u00bbdefault\u00a0\u00bb type=\u00a0\u00bb4_4&Prime; theme_builder_area=\u00a0\u00bbpost_content\u00a0\u00bb][\/et_pb_column][\/et_pb_row][\/et_pb_section]\n","protected":false},"excerpt":{"rendered":"<p>Klemt est le nom d&rsquo;artiste de Cl\u00e9ment Tissier, peintre fran\u00e7ais. Form\u00e9 au dessin \u00e0 Bruxelles puis au film d&rsquo;animation \u00e0 Supinfocom, il se consacre pleinement \u00e0 la peinture depuis 2012. Son travail explore des mondes silencieux, \u00e9tranges et familiers \u00e0 la fois. Entre paysages, architectures et figures humaines, ses \u0153uvres \u00e9voquent une r\u00e9alit\u00e9 d\u00e9cal\u00e9e, comme [&hellip;]<\/p>\n","protected":false},"author":1,"featured_media":0,"parent":0,"menu_order":0,"comment_status":"closed","ping_status":"closed","template":"","meta":{"_et_pb_use_builder":"on","_et_pb_old_content":"<!-- wp:divi\/placeholder \/-->","_et_gb_content_width":"","_vp_format_video_url":"","_vp_image_focal_point":[],"footnotes":""},"class_list":["post-30066","page","type-page","status-publish","hentry"],"aioseo_notices":[],"aioseo_head":"\n\t\t<!-- All in One SEO 5.0.1.1 - aioseo.com -->\n\t<meta name=\"description\" content=\"Klemt est le nom d&#039;artiste de Cl\u00e9ment Tissier, peintre fran\u00e7ais. Form\u00e9 au dessin \u00e0 Bruxelles puis au film d&#039;animation \u00e0 Supinfocom, il se consacre pleinement \u00e0 la peinture depuis 2012. Son travail explore des mondes silencieux, \u00e9tranges et familiers \u00e0 la fois. Entre paysages, architectures et figures humaines, ses \u0153uvres \u00e9voquent une r\u00e9alit\u00e9 d\u00e9cal\u00e9e, comme\" \/>\n\t<meta name=\"robots\" content=\"max-image-preview:large\" \/>\n\t<link rel=\"canonical\" href=\"https:\/\/klemt.fr\/en\/about-2\/\" \/>\n\t<meta name=\"generator\" content=\"All in One SEO (AIOSEO) 5.0.1.1\" \/>\n\t\t<meta property=\"og:locale\" content=\"en_GB\" \/>\n\t\t<meta property=\"og:site_name\" content=\"Klemt -\" \/>\n\t\t<meta property=\"og:type\" content=\"article\" \/>\n\t\t<meta property=\"og:title\" content=\"ABOUT 2 - Klemt\" \/>\n\t\t<meta property=\"og:description\" content=\"Klemt est le nom d&#039;artiste de Cl\u00e9ment Tissier, peintre fran\u00e7ais. Form\u00e9 au dessin \u00e0 Bruxelles puis au film d&#039;animation \u00e0 Supinfocom, il se consacre pleinement \u00e0 la peinture depuis 2012. Son travail explore des mondes silencieux, \u00e9tranges et familiers \u00e0 la fois. Entre paysages, architectures et figures humaines, ses \u0153uvres \u00e9voquent une r\u00e9alit\u00e9 d\u00e9cal\u00e9e, comme\" \/>\n\t\t<meta property=\"og:url\" content=\"https:\/\/klemt.fr\/en\/about-2\/\" \/>\n\t\t<meta property=\"og:image\" content=\"https:\/\/klemt.fr\/wp-content\/uploads\/2023\/11\/image_2023-11-29_175254627.png\" \/>\n\t\t<meta property=\"og:image:secure_url\" content=\"https:\/\/klemt.fr\/wp-content\/uploads\/2023\/11\/image_2023-11-29_175254627.png\" \/>\n\t\t<meta property=\"og:image:width\" content=\"1640\" \/>\n\t\t<meta property=\"og:image:height\" content=\"856\" \/>\n\t\t<meta property=\"article:published_time\" content=\"2026-09-02T06:50:42+00:00\" \/>\n\t\t<meta property=\"article:modified_time\" content=\"2026-09-02T06:51:27+00:00\" \/>\n\t\t<meta name=\"twitter:card\" content=\"summary_large_image\" \/>\n\t\t<meta name=\"twitter:title\" content=\"ABOUT 2 - Klemt\" \/>\n\t\t<meta name=\"twitter:description\" content=\"Klemt est le nom d&#039;artiste de Cl\u00e9ment Tissier, peintre fran\u00e7ais. Form\u00e9 au dessin \u00e0 Bruxelles puis au film d&#039;animation \u00e0 Supinfocom, il se consacre pleinement \u00e0 la peinture depuis 2012. Son travail explore des mondes silencieux, \u00e9tranges et familiers \u00e0 la fois. Entre paysages, architectures et figures humaines, ses \u0153uvres \u00e9voquent une r\u00e9alit\u00e9 d\u00e9cal\u00e9e, comme\" \/>\n\t\t<meta name=\"twitter:image\" content=\"https:\/\/klemt.fr\/wp-content\/uploads\/2023\/11\/image_2023-11-29_175254627.png\" \/>\n\t\t<script type=\"application\/ld+json\" class=\"aioseo-schema\">\n\t\t\t{\"@context\":\"https:\\\/\\\/schema.org\",\"@graph\":[{\"@type\":\"BreadcrumbList\",\"@id\":\"https:\\\/\\\/klemt.fr\\\/en\\\/about-2\\\/#breadcrumblist\",\"itemListElement\":[{\"@type\":\"ListItem\",\"@id\":\"https:\\\/\\\/klemt.fr\\\/en#listItem\",\"position\":1,\"name\":\"Home\",\"item\":\"https:\\\/\\\/klemt.fr\\\/en\",\"nextItem\":{\"@type\":\"ListItem\",\"@id\":\"https:\\\/\\\/klemt.fr\\\/en\\\/about-2\\\/#listItem\",\"name\":\"ABOUT 2\"}},{\"@type\":\"ListItem\",\"@id\":\"https:\\\/\\\/klemt.fr\\\/en\\\/about-2\\\/#listItem\",\"position\":2,\"name\":\"ABOUT 2\",\"previousItem\":{\"@type\":\"ListItem\",\"@id\":\"https:\\\/\\\/klemt.fr\\\/en#listItem\",\"name\":\"Home\"}}]},{\"@type\":\"Organization\",\"@id\":\"https:\\\/\\\/klemt.fr\\\/en\\\/#organization\",\"name\":\"Klemt\",\"url\":\"https:\\\/\\\/klemt.fr\\\/en\\\/\"},{\"@type\":\"WebPage\",\"@id\":\"https:\\\/\\\/klemt.fr\\\/en\\\/about-2\\\/#webpage\",\"url\":\"https:\\\/\\\/klemt.fr\\\/en\\\/about-2\\\/#webpage\",\"name\":\"ABOUT 2 - Klemt\",\"description\":\"Klemt est le nom d'artiste de Cl\\u00e9ment Tissier, peintre fran\\u00e7ais. Form\\u00e9 au dessin \\u00e0 Bruxelles puis au film d'animation \\u00e0 Supinfocom, il se consacre pleinement \\u00e0 la peinture depuis 2012. Son travail explore des mondes silencieux, \\u00e9tranges et familiers \\u00e0 la fois. Entre paysages, architectures et figures humaines, ses \\u0153uvres \\u00e9voquent une r\\u00e9alit\\u00e9 d\\u00e9cal\\u00e9e, comme\",\"inLanguage\":\"en-GB\",\"isPartOf\":{\"@id\":\"https:\\\/\\\/klemt.fr\\\/en\\\/#website\"},\"breadcrumb\":{\"@id\":\"https:\\\/\\\/klemt.fr\\\/en\\\/about-2\\\/#webpage\"},\"datePublished\":\"2026-09-02T08:50:42+02:00\",\"dateModified\":\"2026-09-02T08:51:27+02:00\"},{\"@type\":\"WebSite\",\"@id\":\"https:\\\/\\\/klemt.fr\\\/en\\\/#website\",\"url\":\"https:\\\/\\\/klemt.fr\\\/en\\\/\",\"name\":\"Klemt\",\"inLanguage\":\"en-GB\",\"publisher\":{\"@id\":\"https:\\\/\\\/klemt.fr\\\/en\\\/#organization\"}}]}\n\t\t<\/script>\n\t\t<!-- All in One SEO -->\n\n","aioseo_head_json":{"title":"ABOUT 2 - Klemt","description":"Klemt est le nom d'artiste de Cl\u00e9ment Tissier, peintre fran\u00e7ais. Form\u00e9 au dessin \u00e0 Bruxelles puis au film d'animation \u00e0 Supinfocom, il se consacre pleinement \u00e0 la peinture depuis 2012. Son travail explore des mondes silencieux, \u00e9tranges et familiers \u00e0 la fois. Entre paysages, architectures et figures humaines, ses \u0153uvres \u00e9voquent une r\u00e9alit\u00e9 d\u00e9cal\u00e9e, comme","canonical_url":"https:\/\/klemt.fr\/en\/about-2\/","robots":"max-image-preview:large","keywords":"","webmasterTools":{"miscellaneous":""},"schema":{"@context":"https:\/\/schema.org","@graph":[{"@type":"BreadcrumbList","@id":"https:\/\/klemt.fr\/en\/about-2\/#breadcrumblist","itemListElement":[{"@type":"ListItem","@id":"https:\/\/klemt.fr\/en#listItem","position":1,"name":"Home","item":"https:\/\/klemt.fr\/en","nextItem":{"@type":"ListItem","@id":"https:\/\/klemt.fr\/en\/about-2\/#listItem","name":"ABOUT 2"}},{"@type":"ListItem","@id":"https:\/\/klemt.fr\/en\/about-2\/#listItem","position":2,"name":"ABOUT 2","previousItem":{"@type":"ListItem","@id":"https:\/\/klemt.fr\/en#listItem","name":"Home"}}]},{"@type":"Organization","@id":"https:\/\/klemt.fr\/en\/#organization","name":"Klemt","url":"https:\/\/klemt.fr\/en\/"},{"@type":"WebPage","@id":"https:\/\/klemt.fr\/en\/about-2\/#webpage","url":"https:\/\/klemt.fr\/en\/about-2\/#webpage","name":"ABOUT 2 - Klemt","description":"Klemt est le nom d'artiste de Cl\u00e9ment Tissier, peintre fran\u00e7ais. Form\u00e9 au dessin \u00e0 Bruxelles puis au film d'animation \u00e0 Supinfocom, il se consacre pleinement \u00e0 la peinture depuis 2012. Son travail explore des mondes silencieux, \u00e9tranges et familiers \u00e0 la fois. Entre paysages, architectures et figures humaines, ses \u0153uvres \u00e9voquent une r\u00e9alit\u00e9 d\u00e9cal\u00e9e, comme","inLanguage":"en-GB","isPartOf":{"@id":"https:\/\/klemt.fr\/en\/#website"},"breadcrumb":{"@id":"https:\/\/klemt.fr\/en\/about-2\/#webpage"},"datePublished":"2026-09-02T08:50:42+02:00","dateModified":"2026-09-02T08:51:27+02:00"},{"@type":"WebSite","@id":"https:\/\/klemt.fr\/en\/#website","url":"https:\/\/klemt.fr\/en\/","name":"Klemt","inLanguage":"en-GB","publisher":{"@id":"https:\/\/klemt.fr\/en\/#organization"}}]},"og:locale":"en_GB","og:site_name":"Klemt -","og:type":"article","og:title":"ABOUT 2 - Klemt","og:description":"Klemt est le nom d'artiste de Cl\u00e9ment Tissier, peintre fran\u00e7ais. Form\u00e9 au dessin \u00e0 Bruxelles puis au film d'animation \u00e0 Supinfocom, il se consacre pleinement \u00e0 la peinture depuis 2012. Son travail explore des mondes silencieux, \u00e9tranges et familiers \u00e0 la fois. Entre paysages, architectures et figures humaines, ses \u0153uvres \u00e9voquent une r\u00e9alit\u00e9 d\u00e9cal\u00e9e, comme","og:url":"https:\/\/klemt.fr\/en\/about-2\/","og:image":"https:\/\/klemt.fr\/wp-content\/uploads\/2023\/11\/image_2023-11-29_175254627.png","og:image:secure_url":"https:\/\/klemt.fr\/wp-content\/uploads\/2023\/11\/image_2023-11-29_175254627.png","og:image:width":1640,"og:image:height":856,"article:published_time":"2026-09-02T06:50:42+00:00","article:modified_time":"2026-09-02T06:51:27+00:00","twitter:card":"summary_large_image","twitter:title":"ABOUT 2 - Klemt","twitter:description":"Klemt est le nom d'artiste de Cl\u00e9ment Tissier, peintre fran\u00e7ais. Form\u00e9 au dessin \u00e0 Bruxelles puis au film d'animation \u00e0 Supinfocom, il se consacre pleinement \u00e0 la peinture depuis 2012. Son travail explore des mondes silencieux, \u00e9tranges et familiers \u00e0 la fois. Entre paysages, architectures et figures humaines, ses \u0153uvres \u00e9voquent une r\u00e9alit\u00e9 d\u00e9cal\u00e9e, comme","twitter:image":"https:\/\/klemt.fr\/wp-content\/uploads\/2023\/11\/image_2023-11-29_175254627.png"},"aioseo_meta_data":{"post_id":"30066","title":null,"description":null,"keywords":null,"keyphrases":{"focus":{"keyphrase":"","score":0,"analysis":{"keyphraseInTitle":{"score":0,"maxScore":9,"error":1}}},"additional":[]},"primary_term":null,"canonical_url":null,"og_title":null,"og_description":null,"og_object_type":"default","og_image_type":"default","og_image_url":null,"og_image_width":null,"og_image_height":null,"og_image_custom_url":null,"og_image_custom_fields":null,"og_video":"","og_custom_url":null,"og_article_section":null,"og_article_tags":null,"twitter_use_og":false,"twitter_card":"default","twitter_image_type":"default","twitter_image_url":null,"twitter_image_custom_url":null,"twitter_image_custom_fields":null,"twitter_title":null,"twitter_description":null,"schema":{"blockGraphs":[],"customGraphs":[],"default":{"data":{"Article":[],"Course":[],"Dataset":[],"FAQPage":[],"Movie":[],"Person":[],"Product":[],"ProductReview":[],"Car":[],"Recipe":[],"Service":[],"SoftwareApplication":[],"WebPage":[]},"graphName":"WebPage","isEnabled":true},"graphs":[]},"schema_type":"default","schema_type_options":null,"pillar_content":false,"robots_default":true,"robots_noindex":false,"robots_noarchive":false,"robots_nosnippet":false,"robots_nofollow":false,"robots_noimageindex":false,"robots_noodp":false,"robots_notranslate":false,"robots_max_snippet":"-1","robots_max_videopreview":"-1","robots_max_imagepreview":"large","priority":null,"frequency":"default","local_seo":null,"breadcrumb_settings":null,"limit_modified_date":false,"ai":{"faqs":[],"keyPoints":[],"schemas":[],"titles":[],"descriptions":[],"socialPosts":{"email":{"subject":"","preview":"","content":""},"linkedin":[],"twitter":[],"facebook":[],"instagram":[]}},"created":"2026-09-02 05:24:32","updated":"2026-09-02 07:23:54","seo_analyzer_scan_date":null,"focus_keyword":null,"additional_keywords":null,"truseo_locale":null},"aioseo_breadcrumb":"<div class=\"aioseo-breadcrumbs\"><span class=\"aioseo-breadcrumb\">\n\t\t\t<a href=\"https:\/\/klemt.fr\/en\" title=\"Home\">Home<\/a>\n\t\t<\/span><span class=\"aioseo-breadcrumb-separator\">&raquo;<\/span><span class=\"aioseo-breadcrumb\">\n\t\t\tABOUT 2\n\t\t<\/span><\/div>","aioseo_breadcrumb_json":[{"label":"Home","link":"https:\/\/klemt.fr\/en"},{"label":"ABOUT 2","link":"https:\/\/klemt.fr\/en\/about-2\/"}],"_links":{"self":[{"href":"https:\/\/klemt.fr\/en\/wp-json\/wp\/v2\/pages\/30066","targetHints":{"allow":["GET"]}}],"collection":[{"href":"https:\/\/klemt.fr\/en\/wp-json\/wp\/v2\/pages"}],"about":[{"href":"https:\/\/klemt.fr\/en\/wp-json\/wp\/v2\/types\/page"}],"author":[{"embeddable":true,"href":"https:\/\/klemt.fr\/en\/wp-json\/wp\/v2\/users\/1"}],"replies":[{"embeddable":true,"href":"https:\/\/klemt.fr\/en\/wp-json\/wp\/v2\/comments?post=30066"}],"version-history":[{"count":5,"href":"https:\/\/klemt.fr\/en\/wp-json\/wp\/v2\/pages\/30066\/revisions"}],"predecessor-version":[{"id":30073,"href":"https:\/\/klemt.fr\/en\/wp-json\/wp\/v2\/pages\/30066\/revisions\/30073"}],"wp:attachment":[{"href":"https:\/\/klemt.fr\/en\/wp-json\/wp\/v2\/media?parent=30066"}],"curies":[{"name":"wp","href":"https:\/\/api.w.org\/{rel}","templated":true}]}}